{"id":187,"date":"2013-12-31T14:20:25","date_gmt":"2013-12-31T14:20:25","guid":{"rendered":"https:\/\/multimedia.uned.ac.cr\/pem\/libros\/guia\/chapter\/create-and-edit-chapters\/"},"modified":"2021-11-24T20:17:07","modified_gmt":"2021-11-24T20:17:07","slug":"crear-y-editar-capitulos","status":"publish","type":"chapter","link":"https:\/\/multimedia.uned.ac.cr\/pem\/libros\/manual\/chapter\/crear-y-editar-capitulos\/","title":{"raw":"Crear y editar cap\u00edtulos","rendered":"Crear y editar cap\u00edtulos"},"content":{"raw":"Del mismo modo que su libro puede contener varias partes y p\u00e1ginas preliminares, tambi\u00e9n puede incluir varios cap\u00edtulos. En Pressbooks, un cap\u00edtulo es la unidad principal de contenido del cuerpo principal de su libro, y cada cap\u00edtulo de Pressbooks debe pertenecer a una parte.\r\n\r\nCuando su libro se crea por primera vez, incluir\u00e1 autom\u00e1ticamente una parte llamada \"Cuerpo principal\" y esa parte incluir\u00e1 un \u00fanico cap\u00edtulo llamado \"Cap\u00edtulo 1\". Puede crear tantos cap\u00edtulos nuevos como desee, mover cap\u00edtulos entre partes o reordenarlos dentro de una parte determinada, y editar o eliminar cap\u00edtulos.\r\n<h1>A\u00f1adir un cap\u00edtulo<\/h1>\r\n<ol>\r\n \t<li>Haga clic en \"<strong>Organizar -&gt; A\u00f1adir cap\u00edtulo<\/strong>\" en el men\u00fa de la barra lateral izquierda del Escritorio de su libro (o haga clic en el bot\u00f3n \"A\u00f1adir cap\u00edtulo\" en la propia p\u00e1gina de Organizaci\u00f3n)<\/li>\r\n \t<li><strong>Introduzca un t\u00edtulo<\/strong> en la p\u00e1gina A\u00f1adir cap\u00edtulo.<\/li>\r\n \t<li>A\u00f1ada el contenido que desee.<\/li>\r\n \t<li>Seleccione la <strong>Secci\u00f3n<\/strong> a la que debe pertenecer su cap\u00edtulo<\/li>\r\n \t<li>Seleccione el <strong>Tipo de Cap\u00edtulo<\/strong> correspondiente a su tipo de cap\u00edtulo<\/li>\r\n \t<li>Haga clic en el bot\u00f3n \"<strong>Crear<\/strong>\".<\/li>\r\n<\/ol>\r\n<h1>Eliminar un cap\u00edtulo<\/h1>\r\nSi ha creado un cap\u00edtulo que ya no desea incluir en su libro, puede eliminarlo. Para ello\r\n<ol>\r\n \t<li>Haz clic en \"<strong>Organizar<\/strong>\" en el men\u00fa de administraci\u00f3n de la izquierda de tu libro.<\/li>\r\n \t<li>Pase el rat\u00f3n por encima del nombre de las P\u00e1ginas preliminares que desea eliminar y haga clic en \"<strong>Papelera<\/strong>\".<\/li>\r\n<\/ol>\r\n<h1>Editar un cap\u00edtulo:<\/h1>\r\n<ol>\r\n \t<li>Ve a <strong>Organizar<\/strong> en el men\u00fa de la barra lateral izquierda del Escritorio de tu libro<\/li>\r\n \t<li>Haz clic en el nombre del cap\u00edtulo que quieras editar<\/li>\r\n \t<li>Revisa el contenido, el t\u00edtulo o la configuraci\u00f3n del cap\u00edtulo<\/li>\r\n \t<li>Haga clic en \"Guardar\".<\/li>\r\n<\/ol>\r\n<h1>Tipos de cap\u00edtulos<\/h1>\r\nCada cap\u00edtulo de Pressbooks se numera autom\u00e1ticamente, a menos que haya desactivado la opci\u00f3n \"N\u00fameros de parte y de cap\u00edtulo\" en las Opciones globales del tema de su libro. Sin embargo, puede decidir qu\u00e9 cap\u00edtulos de su libro no est\u00e1n numerados cambiando manualmente su \"Tipo de cap\u00edtulo\". Hay tres tipos de cap\u00edtulos para elegir:\r\n<ul>\r\n \t<li><strong>Est\u00e1ndar:<\/strong> Un cap\u00edtulo est\u00e1ndar tendr\u00e1 un t\u00edtulo de cap\u00edtulo que puede incluir elementos de dise\u00f1o dependiendo del tema, e incluye el n\u00famero de cap\u00edtulo<\/li>\r\n \t<li><strong>Sin n\u00famero:<\/strong> Un cap\u00edtulo sin n\u00famero no incluir\u00e1 el n\u00famero del cap\u00edtulo en la p\u00e1gina del t\u00edtulo, y puede no contener otros elementos incluidos en el dise\u00f1o de la p\u00e1gina del t\u00edtulo del cap\u00edtulo est\u00e1ndar<\/li>\r\n \t<li><strong>Sin tipo de cap\u00edtulo:<\/strong> (por defecto) Este tipo de cap\u00edtulo suele parecerse al tipo de cap\u00edtulo \"Est\u00e1ndar<\/li>\r\n<\/ul>\r\nPara eliminar la numeraci\u00f3n autom\u00e1tica de un cap\u00edtulo\r\n<ol>\r\n \t<li>Abra el editor de cap\u00edtulos<\/li>\r\n \t<li>Seleccione \"<strong>Sin n\u00famero<\/strong>\" en el men\u00fa desplegable \"Tipo de cap\u00edtulo\".<\/li>\r\n \t<li><strong>Guarde<\/strong> los cambios<\/li>\r\n<\/ol>\r\nDespu\u00e9s, la numeraci\u00f3n autom\u00e1tica de los cap\u00edtulos de su libro omitir\u00e1 todos los cap\u00edtulos sin n\u00famero, como se ve en el ejemplo siguiente:\r\n\r\n1. Un gran cap\u00edtulo\r\n<strong>Un cap\u00edtulo sin n\u00famero<\/strong>\r\n2. Otro gran cap\u00edtulo\r\n<strong>Otro cap\u00edtulo sin n\u00fameros<\/strong>\r\n3. Un Cap\u00edtulo Maravilloso\r\n<h1><a id=\"statusvisibilitysettings\"><\/a>Ajustes de estado y visibilidad<\/h1>\r\n<span style=\"color: #0000ff;\"><img class=\"wp-image-179 size-full alignright\" src=\"https:\/\/multimedia.uned.ac.cr\/pem\/libros\/wp-content\/uploads\/sites\/4\/2012\/06\/Screen-Shot-2018-10-25-at-5.04.29-PM-e1633562566511.png\" alt=\"\" width=\"289\" height=\"365\" \/><\/span>En el men\u00fa Estado y visibilidad, situado a la derecha del editor de contenidos, encontrar\u00e1 opciones para modificar los siguientes ajustes:\r\n<ul>\r\n \t<li><strong>Mostrar en la web:<\/strong> Elija si el cap\u00edtulo se muestra o no en su libro web p\u00fablico\r\n<ul>\r\n \t<li><strong>Requerir una contrase\u00f1a:<\/strong> Elija si un cap\u00edtulo que est\u00e1 configurado para mostrarse en su libro web p\u00fablico est\u00e1 o no protegido por contrase\u00f1a. Entre los usos m\u00e1s comunes del contenido protegido por contrase\u00f1a se encuentran las situaciones en las que el contenido debe someterse a alg\u00fan tipo de revisi\u00f3n previa o de pares antes de que el cap\u00edtulo se haga totalmente p\u00fablico.<\/li>\r\n<\/ul>\r\n<\/li>\r\n \t<li><strong>Mostrar en las exportaciones:<\/strong> Elija si el cap\u00edtulo se muestra o no en sus exportaciones de archivos (por ejemplo: PDF, EPUB, y m\u00e1s)<\/li>\r\n \t<li><strong>Mostrar t\u00edtulo:<\/strong> Elija si el t\u00edtulo del cap\u00edtulo se muestra o no en todos los formatos<\/li>\r\n<\/ul>\r\n\r\n<div class=\"textbox\">NOTA: Si la configuraci\u00f3n de privacidad global de su libro est\u00e1 configurada como \"Privado\", ning\u00fan contenido de su libro ser\u00e1 visible para nadie que no sea un usuario de su libro con permisos suficientes para ver el contenido privado. Lo mismo ocurre en un libro globalmente p\u00fablico para el contenido individual cuando no se selecciona Mostrar en la web. M\u00e1s informaci\u00f3n sobre la configuraci\u00f3n de la privacidad a nivel de cap\u00edtulo y de libro.<\/div>\r\nEste men\u00fa tambi\u00e9n incluye las siguientes opciones\r\n<ul>\r\n \t<li><strong>Vista previa:<\/strong> Ver el aspecto de su libro web con los cambios actuales.<\/li>\r\n \t<li><strong>Revisiones:<\/strong> Examine sus revisiones para restaurar una versi\u00f3n anterior del cap\u00edtulo. Pressbooks guarda las 50 revisiones m\u00e1s recientes para las p\u00e1ginas preliminares, las partes y los cap\u00edtulos.<\/li>\r\n \t<li><strong>Mover a la papelera:<\/strong> Elimina todo el cap\u00edtulo de tu libro<\/li>\r\n \t<li><strong>Guardar:<\/strong> Guardar los cambios<\/li>\r\n<\/ul>\r\n<h1><a id=\"usersandcollaborators3\"><\/a>Ver el contenido protegido por contrase\u00f1a<\/h1>\r\n<span style=\"color: #0000ff;\"><img class=\"alignright wp-image-180 size-full\" src=\"https:\/\/multimedia.uned.ac.cr\/pem\/libros\/wp-content\/uploads\/sites\/4\/2021\/11\/Screen-Shot-2018-10-02-at-4.31.38-PM-e1633664610137.png\" alt=\"Password protected chapter\" width=\"499\" height=\"282\" \/><\/span>Cuando los visitantes navegan a un cap\u00edtulo p\u00fablico que requiere una contrase\u00f1a, ver\u00e1n el t\u00edtulo del cap\u00edtulo y un aviso que les pedir\u00e1 la contrase\u00f1a en el lugar donde normalmente se mostrar\u00eda el contenido.\r\n\r\nSi se introduce la contrase\u00f1a correcta, el usuario tendr\u00e1 acceso a ese cap\u00edtulo y a todos los dem\u00e1s del libro que est\u00e9n protegidos por la misma contrase\u00f1a.\r\n<h1><a id=\"thevisualandtexteditors\"><\/a>Uso de los editores visuales y de texto<\/h1>\r\nCuando se edita el contenido en Pressbooks, es posible moverse entre dos vistas del editor: el <strong>editor visual<\/strong> y el <strong>editor de texto<\/strong>.\r\n<h2>El editor visual<\/h2>\r\nEl editor visual es un editor WYSIWYG (lo que ves es lo que obtienes) con una barra de herramientas que te permite dar estilo a tu texto. Este editor emular\u00e1 el estilo y la visualizaci\u00f3n de sus exportaciones siempre que sea posible.\r\n\r\n<span style=\"color: #0000ff;\"><a style=\"color: #0000ff;\" href=\"https:\/\/pressbooks.com\/app\/uploads\/sites\/10270\/2013\/12\/Screen-Shot-2018-10-26-at-3.57.20-PM.png\"><img class=\"alignnone size-full wp-image-181\" src=\"https:\/\/multimedia.uned.ac.cr\/pem\/libros\/wp-content\/uploads\/sites\/4\/2021\/11\/Screen-Shot-2018-10-26-at-3.57.20-PM.png\" alt=\"The visual editor interface\" width=\"762\" height=\"412\" \/><\/a><\/span>\r\n<h2>El editor de texto<\/h2>\r\nEl editor de texto muestra la vista HTML de tu cap\u00edtulo. Esto significa que ver\u00e1 todo el contenido textual del cap\u00edtulo, as\u00ed como las etiquetas para cualquier estilo y marca a\u00f1adida.\r\n\r\n<span style=\"color: #0000ff;\"><a style=\"color: #0000ff;\" href=\"https:\/\/pressbooks.com\/app\/uploads\/sites\/10270\/2013\/12\/Screen-Shot-2018-10-26-at-3.58.23-PM.png\"><img class=\"alignnone size-full wp-image-182\" src=\"https:\/\/multimedia.uned.ac.cr\/pem\/libros\/wp-content\/uploads\/sites\/4\/2021\/11\/Screen-Shot-2018-10-26-at-3.58.23-PM.png\" alt=\"The text editor interface\" width=\"760\" height=\"410\" \/><\/a><\/span>\r\n\r\n<a href=\"https:\/\/multimedia.uned.ac.cr\/pem\/libros\/guia\/chapter\/edit-content-with-the-visual-text-editors\/\">M\u00e1s informaci\u00f3n sobre los editores visuales y de texto de Pressbooks.<\/a>\r\n<h1><a id=\"revisions\"><\/a>Ver, comparar y restaurar revisiones<\/h1>\r\nTodas las versiones guardadas de su cap\u00edtulo, incluyendo las autoguardadas, ser\u00e1n registradas y estar\u00e1n disponibles en el men\u00fa de Revisiones debajo de la interfaz del editor. Cada versi\u00f3n registrada incluye el nombre del autor que guard\u00f3 el cap\u00edtulo, hace cu\u00e1nto tiempo se guard\u00f3 y una marca de tiempo vinculada a la publicaci\u00f3n.\r\n\r\nPuede ver las revisiones anteriores haciendo clic en \"<strong>Explorar<\/strong>\" junto al recuento de revisiones en el men\u00fa Estado y visibilidad o haciendo clic en la marca de tiempo de cualquier revisi\u00f3n espec\u00edfica en la que est\u00e9 interesado. Desde la interfaz \"Comparar revisiones\", puede:\r\n<ul>\r\n \t<li>Comparar dos versiones guardadas del cap\u00edtulo marcando la opci\u00f3n \"Comparar dos revisiones cualesquiera\"<\/li>\r\n \t<li>Restaurar cualquier versi\u00f3n del cap\u00edtulo navegando en la l\u00ednea de tiempo hasta la versi\u00f3n deseada y haciendo clic en \"Restaurar esta revisi\u00f3n\"<\/li>\r\n \t<li>Haz clic en \"Volver al editor\" para volver a la p\u00e1gina del editor de cap\u00edtulos<\/li>\r\n<\/ul>\r\n<span style=\"color: #0000ff;\"><a style=\"color: #0000ff;\" href=\"https:\/\/pressbooks.com\/app\/uploads\/sites\/10270\/2013\/12\/Screen-Shot-2018-10-26-at-4.03.07-PM.png\"><img class=\"alignnone wp-image-183 size-full\" src=\"https:\/\/multimedia.uned.ac.cr\/pem\/libros\/wp-content\/uploads\/sites\/4\/2021\/11\/Screen-Shot-2018-10-26-at-4.03.07-PM.png\" alt=\"The Compare Revisions page showing revision history of a chapter\" width=\"1241\" height=\"748\" \/><\/a><\/span>\r\n<h1><a id=\"chaptermetadata\"><\/a>Metadatos del cap\u00edtulo<\/h1>\r\nLa secci\u00f3n de metadatos del cap\u00edtulo est\u00e1 debajo del editor visual\/de texto y le permite a\u00f1adir metadatos que se aplican espec\u00edficamente a un cap\u00edtulo y no a todo el libro.\r\n\r\n<span style=\"color: #0000ff;\"><img class=\"alignnone size-full wp-image-184\" src=\"https:\/\/multimedia.uned.ac.cr\/pem\/libros\/wp-content\/uploads\/sites\/4\/2021\/11\/Screenshot-from-2021-10-06-16-35-44.png\" alt=\"\" width=\"579\" height=\"506\" \/><\/span>\r\n<strong>T\u00edtulo corto del cap\u00edtulo:<\/strong> Introduzca una versi\u00f3n m\u00e1s corta del t\u00edtulo de su cap\u00edtulo. Puede configurar el t\u00edtulo corto para que se muestre en el contenido actual de la exportaci\u00f3n en PDF de un libro. El t\u00edtulo corto tambi\u00e9n se utiliza para las indicaciones de navegaci\u00f3n del libro web.\r\n\r\n<strong>Subt\u00edtulo del cap\u00edtulo:<\/strong> El texto introducido aqu\u00ed se mostrar\u00e1 en su tabla de contenidos, as\u00ed como en la p\u00e1gina del t\u00edtulo del cap\u00edtulo.\r\n\r\n<strong>Autor(es):<\/strong> Si el autor de un cap\u00edtulo es diferente del autor del libro, seleccione el autor en el men\u00fa desplegable para atribuir el cap\u00edtulo a ese autor. Si el autor a\u00fan no ha sido a\u00f1adido como colaborador, puede hacer clic en \"Crear nuevo colaborador\" para a\u00f1adirlo. Cuando se a\u00f1ade un autor a los metadatos del cap\u00edtulo, el nombre del autor aparecer\u00e1 debajo del t\u00edtulo del cap\u00edtulo. El nombre tambi\u00e9n aparecer\u00e1 en la declaraci\u00f3n de licencia a nivel de cap\u00edtulo y puede mostrarse en una secci\u00f3n opcional \"Sobre los autores\".\r\n\r\n<strong>Licencia de copyright del cap\u00edtulo:<\/strong> Si un cap\u00edtulo tiene una licencia de copyright que difiere de la licencia de copyright global del libro, puede seleccionar la licencia de copyright del cap\u00edtulo en el men\u00fa desplegable. La licencia de copyright del cap\u00edtulo anular\u00e1 la licencia del libro, pero s\u00f3lo para ese cap\u00edtulo. La licencia a nivel de cap\u00edtulo se mostrar\u00e1 en el pie de p\u00e1gina de cada cap\u00edtulo del libro web. Tambi\u00e9n puede configurarse para que se muestre en los formatos de libros exportados cuando la configuraci\u00f3n de \"Licencias de cap\u00edtulo\" est\u00e1 activada en las Opciones globales del tema.\r\n\r\nCada cap\u00edtulo del libro web tiene una declaraci\u00f3n de licencia a nivel de cap\u00edtulo en el pie de p\u00e1gina, independientemente de si se ha elegido una licencia de cap\u00edtulo espec\u00edfica. Hay cuatro escenarios diferentes:\r\n<ol>\r\n \t<li><strong>Un cap\u00edtulo tiene un autor a nivel de cap\u00edtulo, y se ha seleccionado una licencia a nivel de cap\u00edtulo.<\/strong>\u00a0La declaraci\u00f3n de licencia dir\u00e1 T\u00cdTULO DEL CAP\u00cdTULO por AUTOR DEL CAP\u00cdTULO.<\/li>\r\n \t<li><strong>Un cap\u00edtulo tiene un autor a nivel de cap\u00edtulo y no se ha seleccionado una licencia a nivel de cap\u00edtulo.<\/strong>\u00a0La declaraci\u00f3n de licencia dir\u00e1 T\u00cdTULO DEL LIBRO por el AUTOR DEL CAP\u00cdTULO.<\/li>\r\n \t<li><strong>Un cap\u00edtulo no tiene un autor a nivel de cap\u00edtulo y se ha seleccionado una licencia a nivel de cap\u00edtulo.<\/strong>\u00a0La declaraci\u00f3n de licencia dir\u00e1 T\u00cdTULO DEL CAP\u00cdTULO por AUTOR DEL LIBRO.<\/li>\r\n \t<li><strong>Un cap\u00edtulo no tiene un autor a nivel de cap\u00edtulo y no se ha seleccionado una licencia a nivel de cap\u00edtulo.<\/strong>\u00a0La declaraci\u00f3n de licencia dir\u00e1 T\u00cdTULO DEL LIBRO por el AUTOR DEL LIBRO.<\/li>\r\n<\/ol>\r\nLa licencia de cap\u00edtulo tambi\u00e9n afecta a la clonaci\u00f3n. Si un libro p\u00fablico con licencia abierta contiene cap\u00edtulos con licencia de <strong>Todos los Derechos Reservados<\/strong> o <strong>Sin Derivados<\/strong>, esos cap\u00edtulos no se clonar\u00e1n en la nueva red, ya que sus licencias no permiten a otros publicar libremente derivados.\r\n<h1><a id=\"owners\"><\/a>Propietarios<\/h1>\r\nSi su libro tiene varios usuarios y colaboradores, puede seleccionar un propietario para el cap\u00edtulo en el men\u00fa desplegable de la secci\u00f3n Propietario. Por defecto, el propietario es quien cre\u00f3 inicialmente el cap\u00edtulo. Cada cap\u00edtulo puede tener un \u00fanico propietario. El propietario del cap\u00edtulo se utiliza para determinar qui\u00e9n puede editar y publicar el cap\u00edtulo en funci\u00f3n de los roles de los usuarios.\r\n\r\n<span style=\"color: #0000ff;\"><img class=\"alignnone wp-image-185 size-full\" src=\"https:\/\/multimedia.uned.ac.cr\/pem\/libros\/wp-content\/uploads\/sites\/4\/2021\/11\/Screen-Shot-2018-10-26-at-4.16.02-PM-e1633563497335.png\" alt=\"The Owner section of chapter editor page \" width=\"256\" height=\"156\" \/><\/span>\r\n<h1><a id=\"discussionandcomments\"><\/a>Discusi\u00f3n y comentarios<\/h1>\r\nPor defecto, los comentarios est\u00e1n deshabilitados globalmente para su libro. Si decide habilitar los comentarios globalmente para su libro, puede controlar la configuraci\u00f3n de los comentarios a nivel de cap\u00edtulo en las secciones Discusi\u00f3n y Comentarios.\r\n<h2>Discusi\u00f3n<\/h2>\r\nEn esta secci\u00f3n, puede controlar la configuraci\u00f3n de los comentarios a nivel de cap\u00edtulo con las siguientes opciones:\r\n<ul>\r\n \t<li>Permitir comentarios<\/li>\r\n \t<li>Permitir trackbacks y pingbacks<\/li>\r\n<\/ul>\r\n<h2>Comentarios<\/h2>\r\nA trav\u00e9s de esta interfaz, cualquier usuario con acceso administrativo al libro puede dejar un comentario desde el editor. Si se ha dejado alg\u00fan comentario en el libro web, los administradores pueden ver y moderar los comentarios desde este panel. Vea <a href=\"#discussionandcomments\">Comentarios y Revisi\u00f3n<\/a> para m\u00e1s informaci\u00f3n.\r\n<h1>Cambiar la etiqueta del cap\u00edtulo<\/h1>\r\nSi ha optado por mostrar los n\u00fameros de parte y de cap\u00edtulo en su libro, puede sustituir la etiqueta de cap\u00edtulo por defecto por el nombre que desee. Para personalizar la etiqueta de cap\u00edtulo en su libro\r\n<ol>\r\n \t<li>Haga clic en '<strong>Apariencia &gt; Opciones de Tema<\/strong>' en el men\u00fa de la barra lateral izquierda de Pressbooks<\/li>\r\n \t<li>Active la opci\u00f3n \"<strong>N\u00famero de Secci\u00f3n y Cap\u00edtulo<\/strong>\" en la pesta\u00f1a de Opciones Globales.<\/li>\r\n \t<li>Aparecer\u00e1n los ajustes \"Etiqueta de Secci\u00f3n\" y \"Etiqueta de Cap\u00edtulo\". <strong>Introduzca su etiqueta de cap\u00edtulo preferida<\/strong>.<\/li>\r\n \t<li>Haga clic en <strong>Guardar cambios<\/strong> en la parte inferior de la p\u00e1gina<\/li>\r\n<\/ol>\r\n<a style=\"color: #0000ff;\" href=\"https:\/\/pressbooks.com\/app\/uploads\/sites\/10270\/2014\/04\/Screen-Shot-2018-11-28-at-12.14.03-PM.png\"><img class=\"wp-image-2305 size-full\" src=\"https:\/\/multimedia.uned.ac.cr\/pem\/libros\/wp-content\/uploads\/sites\/4\/2021\/11\/Screen-Shot-2018-11-28-at-12.14.03-PM.png\" alt=\"\" width=\"904\" height=\"365\" \/><\/a>\r\n\r\nLas etiquetas cambiar\u00e1n siempre que se utilicen en el formato dado de su libro. Esto incluye la tabla de contenidos en algunos formatos y las envolturas de los t\u00edtulos de las secciones y los cap\u00edtulos en todos los formatos.\r\n<div class=\"mceTemp\"><\/div>\r\n\r\n[caption id=\"attachment_2306\" align=\"alignnone\" width=\"875\"]<img class=\"wp-image-2306 size-full\" src=\"https:\/\/multimedia.uned.ac.cr\/pem\/libros\/wp-content\/uploads\/sites\/4\/2021\/11\/Screen-Shot-2018-11-28-at-12.16.31-PM.png\" alt=\"\" width=\"875\" height=\"304\" \/> Un ejemplo de un cap\u00edtulo de webbok que ha sustituido la etiqueta de cap\u00edtulo por la palabra 'Secci\u00f3n'[\/caption]","rendered":"<p>Del mismo modo que su libro puede contener varias partes y p\u00e1ginas preliminares, tambi\u00e9n puede incluir varios cap\u00edtulos. En Pressbooks, un cap\u00edtulo es la unidad principal de contenido del cuerpo principal de su libro, y cada cap\u00edtulo de Pressbooks debe pertenecer a una parte.<\/p>\n<p>Cuando su libro se crea por primera vez, incluir\u00e1 autom\u00e1ticamente una parte llamada \u00abCuerpo principal\u00bb y esa parte incluir\u00e1 un \u00fanico cap\u00edtulo llamado \u00abCap\u00edtulo 1\u00bb. Puede crear tantos cap\u00edtulos nuevos como desee, mover cap\u00edtulos entre partes o reordenarlos dentro de una parte determinada, y editar o eliminar cap\u00edtulos.<\/p>\n<h1>A\u00f1adir un cap\u00edtulo<\/h1>\n<ol>\n<li>Haga clic en \u00ab<strong>Organizar -&gt; A\u00f1adir cap\u00edtulo<\/strong>\u00bb en el men\u00fa de la barra lateral izquierda del Escritorio de su libro (o haga clic en el bot\u00f3n \u00abA\u00f1adir cap\u00edtulo\u00bb en la propia p\u00e1gina de Organizaci\u00f3n)<\/li>\n<li><strong>Introduzca un t\u00edtulo<\/strong> en la p\u00e1gina A\u00f1adir cap\u00edtulo.<\/li>\n<li>A\u00f1ada el contenido que desee.<\/li>\n<li>Seleccione la <strong>Secci\u00f3n<\/strong> a la que debe pertenecer su cap\u00edtulo<\/li>\n<li>Seleccione el <strong>Tipo de Cap\u00edtulo<\/strong> correspondiente a su tipo de cap\u00edtulo<\/li>\n<li>Haga clic en el bot\u00f3n \u00ab<strong>Crear<\/strong>\u00ab.<\/li>\n<\/ol>\n<h1>Eliminar un cap\u00edtulo<\/h1>\n<p>Si ha creado un cap\u00edtulo que ya no desea incluir en su libro, puede eliminarlo. Para ello<\/p>\n<ol>\n<li>Haz clic en \u00ab<strong>Organizar<\/strong>\u00bb en el men\u00fa de administraci\u00f3n de la izquierda de tu libro.<\/li>\n<li>Pase el rat\u00f3n por encima del nombre de las P\u00e1ginas preliminares que desea eliminar y haga clic en \u00ab<strong>Papelera<\/strong>\u00ab.<\/li>\n<\/ol>\n<h1>Editar un cap\u00edtulo:<\/h1>\n<ol>\n<li>Ve a <strong>Organizar<\/strong> en el men\u00fa de la barra lateral izquierda del Escritorio de tu libro<\/li>\n<li>Haz clic en el nombre del cap\u00edtulo que quieras editar<\/li>\n<li>Revisa el contenido, el t\u00edtulo o la configuraci\u00f3n del cap\u00edtulo<\/li>\n<li>Haga clic en \u00abGuardar\u00bb.<\/li>\n<\/ol>\n<h1>Tipos de cap\u00edtulos<\/h1>\n<p>Cada cap\u00edtulo de Pressbooks se numera autom\u00e1ticamente, a menos que haya desactivado la opci\u00f3n \u00abN\u00fameros de parte y de cap\u00edtulo\u00bb en las Opciones globales del tema de su libro. Sin embargo, puede decidir qu\u00e9 cap\u00edtulos de su libro no est\u00e1n numerados cambiando manualmente su \u00abTipo de cap\u00edtulo\u00bb. Hay tres tipos de cap\u00edtulos para elegir:<\/p>\n<ul>\n<li><strong>Est\u00e1ndar:<\/strong> Un cap\u00edtulo est\u00e1ndar tendr\u00e1 un t\u00edtulo de cap\u00edtulo que puede incluir elementos de dise\u00f1o dependiendo del tema, e incluye el n\u00famero de cap\u00edtulo<\/li>\n<li><strong>Sin n\u00famero:<\/strong> Un cap\u00edtulo sin n\u00famero no incluir\u00e1 el n\u00famero del cap\u00edtulo en la p\u00e1gina del t\u00edtulo, y puede no contener otros elementos incluidos en el dise\u00f1o de la p\u00e1gina del t\u00edtulo del cap\u00edtulo est\u00e1ndar<\/li>\n<li><strong>Sin tipo de cap\u00edtulo:<\/strong> (por defecto) Este tipo de cap\u00edtulo suele parecerse al tipo de cap\u00edtulo \u00abEst\u00e1ndar<\/li>\n<\/ul>\n<p>Para eliminar la numeraci\u00f3n autom\u00e1tica de un cap\u00edtulo<\/p>\n<ol>\n<li>Abra el editor de cap\u00edtulos<\/li>\n<li>Seleccione \u00ab<strong>Sin n\u00famero<\/strong>\u00bb en el men\u00fa desplegable \u00abTipo de cap\u00edtulo\u00bb.<\/li>\n<li><strong>Guarde<\/strong> los cambios<\/li>\n<\/ol>\n<p>Despu\u00e9s, la numeraci\u00f3n autom\u00e1tica de los cap\u00edtulos de su libro omitir\u00e1 todos los cap\u00edtulos sin n\u00famero, como se ve en el ejemplo siguiente:<\/p>\n<p>1. Un gran cap\u00edtulo<br \/>\n<strong>Un cap\u00edtulo sin n\u00famero<\/strong><br \/>\n2. Otro gran cap\u00edtulo<br \/>\n<strong>Otro cap\u00edtulo sin n\u00fameros<\/strong><br \/>\n3. Un Cap\u00edtulo Maravilloso<\/p>\n<h1><a id=\"statusvisibilitysettings\"><\/a>Ajustes de estado y visibilidad<\/h1>\n<p><span style=\"color: #0000ff;\"><img loading=\"lazy\" decoding=\"async\" class=\"wp-image-179 size-full alignright\" src=\"https:\/\/multimedia.uned.ac.cr\/pem\/libros\/wp-content\/uploads\/sites\/4\/2012\/06\/Screen-Shot-2018-10-25-at-5.04.29-PM-e1633562566511.png\" alt=\"\" width=\"289\" height=\"365\" srcset=\"https:\/\/multimedia.uned.ac.cr\/pem\/libros\/manual\/wp-content\/uploads\/sites\/4\/2012\/06\/Screen-Shot-2018-10-25-at-5.04.29-PM-e1633562566511.png 289w, https:\/\/multimedia.uned.ac.cr\/pem\/libros\/manual\/wp-content\/uploads\/sites\/4\/2012\/06\/Screen-Shot-2018-10-25-at-5.04.29-PM-e1633562566511-238x300.png 238w, https:\/\/multimedia.uned.ac.cr\/pem\/libros\/manual\/wp-content\/uploads\/sites\/4\/2012\/06\/Screen-Shot-2018-10-25-at-5.04.29-PM-e1633562566511-65x82.png 65w, https:\/\/multimedia.uned.ac.cr\/pem\/libros\/manual\/wp-content\/uploads\/sites\/4\/2012\/06\/Screen-Shot-2018-10-25-at-5.04.29-PM-e1633562566511-225x284.png 225w\" sizes=\"auto, (max-width: 289px) 100vw, 289px\" \/><\/span>En el men\u00fa Estado y visibilidad, situado a la derecha del editor de contenidos, encontrar\u00e1 opciones para modificar los siguientes ajustes:<\/p>\n<ul>\n<li><strong>Mostrar en la web:<\/strong> Elija si el cap\u00edtulo se muestra o no en su libro web p\u00fablico\n<ul>\n<li><strong>Requerir una contrase\u00f1a:<\/strong> Elija si un cap\u00edtulo que est\u00e1 configurado para mostrarse en su libro web p\u00fablico est\u00e1 o no protegido por contrase\u00f1a. Entre los usos m\u00e1s comunes del contenido protegido por contrase\u00f1a se encuentran las situaciones en las que el contenido debe someterse a alg\u00fan tipo de revisi\u00f3n previa o de pares antes de que el cap\u00edtulo se haga totalmente p\u00fablico.<\/li>\n<\/ul>\n<\/li>\n<li><strong>Mostrar en las exportaciones:<\/strong> Elija si el cap\u00edtulo se muestra o no en sus exportaciones de archivos (por ejemplo: PDF, EPUB, y m\u00e1s)<\/li>\n<li><strong>Mostrar t\u00edtulo:<\/strong> Elija si el t\u00edtulo del cap\u00edtulo se muestra o no en todos los formatos<\/li>\n<\/ul>\n<div class=\"textbox\">NOTA: Si la configuraci\u00f3n de privacidad global de su libro est\u00e1 configurada como \u00abPrivado\u00bb, ning\u00fan contenido de su libro ser\u00e1 visible para nadie que no sea un usuario de su libro con permisos suficientes para ver el contenido privado. Lo mismo ocurre en un libro globalmente p\u00fablico para el contenido individual cuando no se selecciona Mostrar en la web. M\u00e1s informaci\u00f3n sobre la configuraci\u00f3n de la privacidad a nivel de cap\u00edtulo y de libro.<\/div>\n<p>Este men\u00fa tambi\u00e9n incluye las siguientes opciones<\/p>\n<ul>\n<li><strong>Vista previa:<\/strong> Ver el aspecto de su libro web con los cambios actuales.<\/li>\n<li><strong>Revisiones:<\/strong> Examine sus revisiones para restaurar una versi\u00f3n anterior del cap\u00edtulo. Pressbooks guarda las 50 revisiones m\u00e1s recientes para las p\u00e1ginas preliminares, las partes y los cap\u00edtulos.<\/li>\n<li><strong>Mover a la papelera:<\/strong> Elimina todo el cap\u00edtulo de tu libro<\/li>\n<li><strong>Guardar:<\/strong> Guardar los cambios<\/li>\n<\/ul>\n<h1><a id=\"usersandcollaborators3\"><\/a>Ver el contenido protegido por contrase\u00f1a<\/h1>\n<p><span style=\"color: #0000ff;\"><img loading=\"lazy\" decoding=\"async\" class=\"alignright wp-image-180 size-full\" src=\"https:\/\/multimedia.uned.ac.cr\/pem\/libros\/wp-content\/uploads\/sites\/4\/2021\/11\/Screen-Shot-2018-10-02-at-4.31.38-PM-e1633664610137.png\" alt=\"Password protected chapter\" width=\"499\" height=\"282\" srcset=\"https:\/\/multimedia.uned.ac.cr\/pem\/libros\/manual\/wp-content\/uploads\/sites\/4\/2021\/11\/Screen-Shot-2018-10-02-at-4.31.38-PM-e1633664610137.png 499w, https:\/\/multimedia.uned.ac.cr\/pem\/libros\/manual\/wp-content\/uploads\/sites\/4\/2021\/11\/Screen-Shot-2018-10-02-at-4.31.38-PM-e1633664610137-300x170.png 300w, https:\/\/multimedia.uned.ac.cr\/pem\/libros\/manual\/wp-content\/uploads\/sites\/4\/2021\/11\/Screen-Shot-2018-10-02-at-4.31.38-PM-e1633664610137-65x37.png 65w, https:\/\/multimedia.uned.ac.cr\/pem\/libros\/manual\/wp-content\/uploads\/sites\/4\/2021\/11\/Screen-Shot-2018-10-02-at-4.31.38-PM-e1633664610137-225x127.png 225w, https:\/\/multimedia.uned.ac.cr\/pem\/libros\/manual\/wp-content\/uploads\/sites\/4\/2021\/11\/Screen-Shot-2018-10-02-at-4.31.38-PM-e1633664610137-350x198.png 350w\" sizes=\"auto, (max-width: 499px) 100vw, 499px\" \/><\/span>Cuando los visitantes navegan a un cap\u00edtulo p\u00fablico que requiere una contrase\u00f1a, ver\u00e1n el t\u00edtulo del cap\u00edtulo y un aviso que les pedir\u00e1 la contrase\u00f1a en el lugar donde normalmente se mostrar\u00eda el contenido.<\/p>\n<p>Si se introduce la contrase\u00f1a correcta, el usuario tendr\u00e1 acceso a ese cap\u00edtulo y a todos los dem\u00e1s del libro que est\u00e9n protegidos por la misma contrase\u00f1a.<\/p>\n<h1><a id=\"thevisualandtexteditors\"><\/a>Uso de los editores visuales y de texto<\/h1>\n<p>Cuando se edita el contenido en Pressbooks, es posible moverse entre dos vistas del editor: el <strong>editor visual<\/strong> y el <strong>editor de texto<\/strong>.<\/p>\n<h2>El editor visual<\/h2>\n<p>El editor visual es un editor WYSIWYG (lo que ves es lo que obtienes) con una barra de herramientas que te permite dar estilo a tu texto. Este editor emular\u00e1 el estilo y la visualizaci\u00f3n de sus exportaciones siempre que sea posible.<\/p>\n<p><span style=\"color: #0000ff;\"><a style=\"color: #0000ff;\" href=\"https:\/\/pressbooks.com\/app\/uploads\/sites\/10270\/2013\/12\/Screen-Shot-2018-10-26-at-3.57.20-PM.png\"><img loading=\"lazy\" decoding=\"async\" class=\"alignnone size-full wp-image-181\" src=\"https:\/\/multimedia.uned.ac.cr\/pem\/libros\/wp-content\/uploads\/sites\/4\/2021\/11\/Screen-Shot-2018-10-26-at-3.57.20-PM.png\" alt=\"The visual editor interface\" width=\"762\" height=\"412\" srcset=\"https:\/\/multimedia.uned.ac.cr\/pem\/libros\/manual\/wp-content\/uploads\/sites\/4\/2021\/11\/Screen-Shot-2018-10-26-at-3.57.20-PM.png 762w, https:\/\/multimedia.uned.ac.cr\/pem\/libros\/manual\/wp-content\/uploads\/sites\/4\/2021\/11\/Screen-Shot-2018-10-26-at-3.57.20-PM-300x162.png 300w, https:\/\/multimedia.uned.ac.cr\/pem\/libros\/manual\/wp-content\/uploads\/sites\/4\/2021\/11\/Screen-Shot-2018-10-26-at-3.57.20-PM-65x35.png 65w, https:\/\/multimedia.uned.ac.cr\/pem\/libros\/manual\/wp-content\/uploads\/sites\/4\/2021\/11\/Screen-Shot-2018-10-26-at-3.57.20-PM-225x122.png 225w, https:\/\/multimedia.uned.ac.cr\/pem\/libros\/manual\/wp-content\/uploads\/sites\/4\/2021\/11\/Screen-Shot-2018-10-26-at-3.57.20-PM-350x189.png 350w\" sizes=\"auto, (max-width: 762px) 100vw, 762px\" \/><\/a><\/span><\/p>\n<h2>El editor de texto<\/h2>\n<p>El editor de texto muestra la vista HTML de tu cap\u00edtulo. Esto significa que ver\u00e1 todo el contenido textual del cap\u00edtulo, as\u00ed como las etiquetas para cualquier estilo y marca a\u00f1adida.<\/p>\n<p><span style=\"color: #0000ff;\"><a style=\"color: #0000ff;\" href=\"https:\/\/pressbooks.com\/app\/uploads\/sites\/10270\/2013\/12\/Screen-Shot-2018-10-26-at-3.58.23-PM.png\"><img loading=\"lazy\" decoding=\"async\" class=\"alignnone size-full wp-image-182\" src=\"https:\/\/multimedia.uned.ac.cr\/pem\/libros\/wp-content\/uploads\/sites\/4\/2021\/11\/Screen-Shot-2018-10-26-at-3.58.23-PM.png\" alt=\"The text editor interface\" width=\"760\" height=\"410\" srcset=\"https:\/\/multimedia.uned.ac.cr\/pem\/libros\/manual\/wp-content\/uploads\/sites\/4\/2021\/11\/Screen-Shot-2018-10-26-at-3.58.23-PM.png 760w, https:\/\/multimedia.uned.ac.cr\/pem\/libros\/manual\/wp-content\/uploads\/sites\/4\/2021\/11\/Screen-Shot-2018-10-26-at-3.58.23-PM-300x162.png 300w, https:\/\/multimedia.uned.ac.cr\/pem\/libros\/manual\/wp-content\/uploads\/sites\/4\/2021\/11\/Screen-Shot-2018-10-26-at-3.58.23-PM-65x35.png 65w, https:\/\/multimedia.uned.ac.cr\/pem\/libros\/manual\/wp-content\/uploads\/sites\/4\/2021\/11\/Screen-Shot-2018-10-26-at-3.58.23-PM-225x121.png 225w, https:\/\/multimedia.uned.ac.cr\/pem\/libros\/manual\/wp-content\/uploads\/sites\/4\/2021\/11\/Screen-Shot-2018-10-26-at-3.58.23-PM-350x189.png 350w\" sizes=\"auto, (max-width: 760px) 100vw, 760px\" \/><\/a><\/span><\/p>\n<p><a href=\"https:\/\/multimedia.uned.ac.cr\/pem\/libros\/guia\/chapter\/edit-content-with-the-visual-text-editors\/\">M\u00e1s informaci\u00f3n sobre los editores visuales y de texto de Pressbooks.<\/a><\/p>\n<h1><a id=\"revisions\"><\/a>Ver, comparar y restaurar revisiones<\/h1>\n<p>Todas las versiones guardadas de su cap\u00edtulo, incluyendo las autoguardadas, ser\u00e1n registradas y estar\u00e1n disponibles en el men\u00fa de Revisiones debajo de la interfaz del editor. Cada versi\u00f3n registrada incluye el nombre del autor que guard\u00f3 el cap\u00edtulo, hace cu\u00e1nto tiempo se guard\u00f3 y una marca de tiempo vinculada a la publicaci\u00f3n.<\/p>\n<p>Puede ver las revisiones anteriores haciendo clic en \u00ab<strong>Explorar<\/strong>\u00bb junto al recuento de revisiones en el men\u00fa Estado y visibilidad o haciendo clic en la marca de tiempo de cualquier revisi\u00f3n espec\u00edfica en la que est\u00e9 interesado. Desde la interfaz \u00abComparar revisiones\u00bb, puede:<\/p>\n<ul>\n<li>Comparar dos versiones guardadas del cap\u00edtulo marcando la opci\u00f3n \u00abComparar dos revisiones cualesquiera\u00bb<\/li>\n<li>Restaurar cualquier versi\u00f3n del cap\u00edtulo navegando en la l\u00ednea de tiempo hasta la versi\u00f3n deseada y haciendo clic en \u00abRestaurar esta revisi\u00f3n\u00bb<\/li>\n<li>Haz clic en \u00abVolver al editor\u00bb para volver a la p\u00e1gina del editor de cap\u00edtulos<\/li>\n<\/ul>\n<p><span style=\"color: #0000ff;\"><a style=\"color: #0000ff;\" href=\"https:\/\/pressbooks.com\/app\/uploads\/sites\/10270\/2013\/12\/Screen-Shot-2018-10-26-at-4.03.07-PM.png\"><img loading=\"lazy\" decoding=\"async\" class=\"alignnone wp-image-183 size-full\" src=\"https:\/\/multimedia.uned.ac.cr\/pem\/libros\/wp-content\/uploads\/sites\/4\/2021\/11\/Screen-Shot-2018-10-26-at-4.03.07-PM.png\" alt=\"The Compare Revisions page showing revision history of a chapter\" width=\"1241\" height=\"748\" srcset=\"https:\/\/multimedia.uned.ac.cr\/pem\/libros\/manual\/wp-content\/uploads\/sites\/4\/2021\/11\/Screen-Shot-2018-10-26-at-4.03.07-PM.png 1241w, https:\/\/multimedia.uned.ac.cr\/pem\/libros\/manual\/wp-content\/uploads\/sites\/4\/2021\/11\/Screen-Shot-2018-10-26-at-4.03.07-PM-300x181.png 300w, https:\/\/multimedia.uned.ac.cr\/pem\/libros\/manual\/wp-content\/uploads\/sites\/4\/2021\/11\/Screen-Shot-2018-10-26-at-4.03.07-PM-1024x617.png 1024w, https:\/\/multimedia.uned.ac.cr\/pem\/libros\/manual\/wp-content\/uploads\/sites\/4\/2021\/11\/Screen-Shot-2018-10-26-at-4.03.07-PM-768x463.png 768w, https:\/\/multimedia.uned.ac.cr\/pem\/libros\/manual\/wp-content\/uploads\/sites\/4\/2021\/11\/Screen-Shot-2018-10-26-at-4.03.07-PM-65x39.png 65w, https:\/\/multimedia.uned.ac.cr\/pem\/libros\/manual\/wp-content\/uploads\/sites\/4\/2021\/11\/Screen-Shot-2018-10-26-at-4.03.07-PM-225x136.png 225w, https:\/\/multimedia.uned.ac.cr\/pem\/libros\/manual\/wp-content\/uploads\/sites\/4\/2021\/11\/Screen-Shot-2018-10-26-at-4.03.07-PM-350x211.png 350w\" sizes=\"auto, (max-width: 1241px) 100vw, 1241px\" \/><\/a><\/span><\/p>\n<h1><a id=\"chaptermetadata\"><\/a>Metadatos del cap\u00edtulo<\/h1>\n<p>La secci\u00f3n de metadatos del cap\u00edtulo est\u00e1 debajo del editor visual\/de texto y le permite a\u00f1adir metadatos que se aplican espec\u00edficamente a un cap\u00edtulo y no a todo el libro.<\/p>\n<p><span style=\"color: #0000ff;\"><img loading=\"lazy\" decoding=\"async\" class=\"alignnone size-full wp-image-184\" src=\"https:\/\/multimedia.uned.ac.cr\/pem\/libros\/wp-content\/uploads\/sites\/4\/2021\/11\/Screenshot-from-2021-10-06-16-35-44.png\" alt=\"\" width=\"579\" height=\"506\" srcset=\"https:\/\/multimedia.uned.ac.cr\/pem\/libros\/manual\/wp-content\/uploads\/sites\/4\/2021\/11\/Screenshot-from-2021-10-06-16-35-44.png 579w, https:\/\/multimedia.uned.ac.cr\/pem\/libros\/manual\/wp-content\/uploads\/sites\/4\/2021\/11\/Screenshot-from-2021-10-06-16-35-44-300x262.png 300w, https:\/\/multimedia.uned.ac.cr\/pem\/libros\/manual\/wp-content\/uploads\/sites\/4\/2021\/11\/Screenshot-from-2021-10-06-16-35-44-65x57.png 65w, https:\/\/multimedia.uned.ac.cr\/pem\/libros\/manual\/wp-content\/uploads\/sites\/4\/2021\/11\/Screenshot-from-2021-10-06-16-35-44-225x197.png 225w, https:\/\/multimedia.uned.ac.cr\/pem\/libros\/manual\/wp-content\/uploads\/sites\/4\/2021\/11\/Screenshot-from-2021-10-06-16-35-44-350x306.png 350w\" sizes=\"auto, (max-width: 579px) 100vw, 579px\" \/><\/span><br \/>\n<strong>T\u00edtulo corto del cap\u00edtulo:<\/strong> Introduzca una versi\u00f3n m\u00e1s corta del t\u00edtulo de su cap\u00edtulo. Puede configurar el t\u00edtulo corto para que se muestre en el contenido actual de la exportaci\u00f3n en PDF de un libro. El t\u00edtulo corto tambi\u00e9n se utiliza para las indicaciones de navegaci\u00f3n del libro web.<\/p>\n<p><strong>Subt\u00edtulo del cap\u00edtulo:<\/strong> El texto introducido aqu\u00ed se mostrar\u00e1 en su tabla de contenidos, as\u00ed como en la p\u00e1gina del t\u00edtulo del cap\u00edtulo.<\/p>\n<p><strong>Autor(es):<\/strong> Si el autor de un cap\u00edtulo es diferente del autor del libro, seleccione el autor en el men\u00fa desplegable para atribuir el cap\u00edtulo a ese autor. Si el autor a\u00fan no ha sido a\u00f1adido como colaborador, puede hacer clic en \u00abCrear nuevo colaborador\u00bb para a\u00f1adirlo. Cuando se a\u00f1ade un autor a los metadatos del cap\u00edtulo, el nombre del autor aparecer\u00e1 debajo del t\u00edtulo del cap\u00edtulo. El nombre tambi\u00e9n aparecer\u00e1 en la declaraci\u00f3n de licencia a nivel de cap\u00edtulo y puede mostrarse en una secci\u00f3n opcional \u00abSobre los autores\u00bb.<\/p>\n<p><strong>Licencia de copyright del cap\u00edtulo:<\/strong> Si un cap\u00edtulo tiene una licencia de copyright que difiere de la licencia de copyright global del libro, puede seleccionar la licencia de copyright del cap\u00edtulo en el men\u00fa desplegable. La licencia de copyright del cap\u00edtulo anular\u00e1 la licencia del libro, pero s\u00f3lo para ese cap\u00edtulo. La licencia a nivel de cap\u00edtulo se mostrar\u00e1 en el pie de p\u00e1gina de cada cap\u00edtulo del libro web. Tambi\u00e9n puede configurarse para que se muestre en los formatos de libros exportados cuando la configuraci\u00f3n de \u00abLicencias de cap\u00edtulo\u00bb est\u00e1 activada en las Opciones globales del tema.<\/p>\n<p>Cada cap\u00edtulo del libro web tiene una declaraci\u00f3n de licencia a nivel de cap\u00edtulo en el pie de p\u00e1gina, independientemente de si se ha elegido una licencia de cap\u00edtulo espec\u00edfica. Hay cuatro escenarios diferentes:<\/p>\n<ol>\n<li><strong>Un cap\u00edtulo tiene un autor a nivel de cap\u00edtulo, y se ha seleccionado una licencia a nivel de cap\u00edtulo.<\/strong>\u00a0La declaraci\u00f3n de licencia dir\u00e1 T\u00cdTULO DEL CAP\u00cdTULO por AUTOR DEL CAP\u00cdTULO.<\/li>\n<li><strong>Un cap\u00edtulo tiene un autor a nivel de cap\u00edtulo y no se ha seleccionado una licencia a nivel de cap\u00edtulo.<\/strong>\u00a0La declaraci\u00f3n de licencia dir\u00e1 T\u00cdTULO DEL LIBRO por el AUTOR DEL CAP\u00cdTULO.<\/li>\n<li><strong>Un cap\u00edtulo no tiene un autor a nivel de cap\u00edtulo y se ha seleccionado una licencia a nivel de cap\u00edtulo.<\/strong>\u00a0La declaraci\u00f3n de licencia dir\u00e1 T\u00cdTULO DEL CAP\u00cdTULO por AUTOR DEL LIBRO.<\/li>\n<li><strong>Un cap\u00edtulo no tiene un autor a nivel de cap\u00edtulo y no se ha seleccionado una licencia a nivel de cap\u00edtulo.<\/strong>\u00a0La declaraci\u00f3n de licencia dir\u00e1 T\u00cdTULO DEL LIBRO por el AUTOR DEL LIBRO.<\/li>\n<\/ol>\n<p>La licencia de cap\u00edtulo tambi\u00e9n afecta a la clonaci\u00f3n. Si un libro p\u00fablico con licencia abierta contiene cap\u00edtulos con licencia de <strong>Todos los Derechos Reservados<\/strong> o <strong>Sin Derivados<\/strong>, esos cap\u00edtulos no se clonar\u00e1n en la nueva red, ya que sus licencias no permiten a otros publicar libremente derivados.<\/p>\n<h1><a id=\"owners\"><\/a>Propietarios<\/h1>\n<p>Si su libro tiene varios usuarios y colaboradores, puede seleccionar un propietario para el cap\u00edtulo en el men\u00fa desplegable de la secci\u00f3n Propietario. Por defecto, el propietario es quien cre\u00f3 inicialmente el cap\u00edtulo. Cada cap\u00edtulo puede tener un \u00fanico propietario. El propietario del cap\u00edtulo se utiliza para determinar qui\u00e9n puede editar y publicar el cap\u00edtulo en funci\u00f3n de los roles de los usuarios.<\/p>\n<p><span style=\"color: #0000ff;\"><img loading=\"lazy\" decoding=\"async\" class=\"alignnone wp-image-185 size-full\" src=\"https:\/\/multimedia.uned.ac.cr\/pem\/libros\/wp-content\/uploads\/sites\/4\/2021\/11\/Screen-Shot-2018-10-26-at-4.16.02-PM-e1633563497335.png\" alt=\"The Owner section of chapter editor page\" width=\"256\" height=\"156\" srcset=\"https:\/\/multimedia.uned.ac.cr\/pem\/libros\/manual\/wp-content\/uploads\/sites\/4\/2021\/11\/Screen-Shot-2018-10-26-at-4.16.02-PM-e1633563497335.png 256w, https:\/\/multimedia.uned.ac.cr\/pem\/libros\/manual\/wp-content\/uploads\/sites\/4\/2021\/11\/Screen-Shot-2018-10-26-at-4.16.02-PM-e1633563497335-65x40.png 65w, https:\/\/multimedia.uned.ac.cr\/pem\/libros\/manual\/wp-content\/uploads\/sites\/4\/2021\/11\/Screen-Shot-2018-10-26-at-4.16.02-PM-e1633563497335-225x137.png 225w\" sizes=\"auto, (max-width: 256px) 100vw, 256px\" \/><\/span><\/p>\n<h1><a id=\"discussionandcomments\"><\/a>Discusi\u00f3n y comentarios<\/h1>\n<p>Por defecto, los comentarios est\u00e1n deshabilitados globalmente para su libro. Si decide habilitar los comentarios globalmente para su libro, puede controlar la configuraci\u00f3n de los comentarios a nivel de cap\u00edtulo en las secciones Discusi\u00f3n y Comentarios.<\/p>\n<h2>Discusi\u00f3n<\/h2>\n<p>En esta secci\u00f3n, puede controlar la configuraci\u00f3n de los comentarios a nivel de cap\u00edtulo con las siguientes opciones:<\/p>\n<ul>\n<li>Permitir comentarios<\/li>\n<li>Permitir trackbacks y pingbacks<\/li>\n<\/ul>\n<h2>Comentarios<\/h2>\n<p>A trav\u00e9s de esta interfaz, cualquier usuario con acceso administrativo al libro puede dejar un comentario desde el editor. Si se ha dejado alg\u00fan comentario en el libro web, los administradores pueden ver y moderar los comentarios desde este panel. Vea <a href=\"#discussionandcomments\">Comentarios y Revisi\u00f3n<\/a> para m\u00e1s informaci\u00f3n.<\/p>\n<h1>Cambiar la etiqueta del cap\u00edtulo<\/h1>\n<p>Si ha optado por mostrar los n\u00fameros de parte y de cap\u00edtulo en su libro, puede sustituir la etiqueta de cap\u00edtulo por defecto por el nombre que desee. Para personalizar la etiqueta de cap\u00edtulo en su libro<\/p>\n<ol>\n<li>Haga clic en &#8216;<strong>Apariencia &gt; Opciones de Tema<\/strong>&#8216; en el men\u00fa de la barra lateral izquierda de Pressbooks<\/li>\n<li>Active la opci\u00f3n \u00ab<strong>N\u00famero de Secci\u00f3n y Cap\u00edtulo<\/strong>\u00bb en la pesta\u00f1a de Opciones Globales.<\/li>\n<li>Aparecer\u00e1n los ajustes \u00abEtiqueta de Secci\u00f3n\u00bb y \u00abEtiqueta de Cap\u00edtulo\u00bb. <strong>Introduzca su etiqueta de cap\u00edtulo preferida<\/strong>.<\/li>\n<li>Haga clic en <strong>Guardar cambios<\/strong> en la parte inferior de la p\u00e1gina<\/li>\n<\/ol>\n<p><a style=\"color: #0000ff;\" href=\"https:\/\/pressbooks.com\/app\/uploads\/sites\/10270\/2014\/04\/Screen-Shot-2018-11-28-at-12.14.03-PM.png\"><img loading=\"lazy\" decoding=\"async\" class=\"wp-image-2305 size-full\" src=\"https:\/\/multimedia.uned.ac.cr\/pem\/libros\/wp-content\/uploads\/sites\/4\/2021\/11\/Screen-Shot-2018-11-28-at-12.14.03-PM.png\" alt=\"\" width=\"904\" height=\"365\" \/><\/a><\/p>\n<p>Las etiquetas cambiar\u00e1n siempre que se utilicen en el formato dado de su libro. Esto incluye la tabla de contenidos en algunos formatos y las envolturas de los t\u00edtulos de las secciones y los cap\u00edtulos en todos los formatos.<\/p>\n<div class=\"mceTemp\"><\/div>\n<figure id=\"attachment_2306\" aria-describedby=\"caption-attachment-2306\" style=\"width: 875px\" class=\"wp-caption alignnone\"><img loading=\"lazy\" decoding=\"async\" class=\"wp-image-2306 size-full\" src=\"https:\/\/multimedia.uned.ac.cr\/pem\/libros\/wp-content\/uploads\/sites\/4\/2021\/11\/Screen-Shot-2018-11-28-at-12.16.31-PM.png\" alt=\"\" width=\"875\" height=\"304\" \/><figcaption id=\"caption-attachment-2306\" class=\"wp-caption-text\">Un ejemplo de un cap\u00edtulo de webbok que ha sustituido la etiqueta de cap\u00edtulo por la palabra &#8216;Secci\u00f3n&#8217;<\/figcaption><\/figure>\n","protected":false},"author":1,"menu_order":7,"template":"","meta":{"pb_show_title":"on","pb_short_title":"","pb_subtitle":"","pb_authors":[],"pb_section_license":""},"chapter-type":[49],"contributor":[],"license":[],"class_list":["post-187","chapter","type-chapter","status-publish","hentry","chapter-type-numberless"],"part":128,"_links":{"self":[{"href":"https:\/\/multimedia.uned.ac.cr\/pem\/libros\/manual\/wp-json\/pressbooks\/v2\/chapters\/187","targetHints":{"allow":["GET"]}}],"collection":[{"href":"https:\/\/multimedia.uned.ac.cr\/pem\/libros\/manual\/wp-json\/pressbooks\/v2\/chapters"}],"about":[{"href":"https:\/\/multimedia.uned.ac.cr\/pem\/libros\/manual\/wp-json\/wp\/v2\/types\/chapter"}],"author":[{"embeddable":true,"href":"https:\/\/multimedia.uned.ac.cr\/pem\/libros\/manual\/wp-json\/wp\/v2\/users\/1"}],"version-history":[{"count":2,"href":"https:\/\/multimedia.uned.ac.cr\/pem\/libros\/manual\/wp-json\/pressbooks\/v2\/chapters\/187\/revisions"}],"predecessor-version":[{"id":458,"href":"https:\/\/multimedia.uned.ac.cr\/pem\/libros\/manual\/wp-json\/pressbooks\/v2\/chapters\/187\/revisions\/458"}],"part":[{"href":"https:\/\/multimedia.uned.ac.cr\/pem\/libros\/manual\/wp-json\/pressbooks\/v2\/parts\/128"}],"metadata":[{"href":"https:\/\/multimedia.uned.ac.cr\/pem\/libros\/manual\/wp-json\/pressbooks\/v2\/chapters\/187\/metadata\/"}],"wp:attachment":[{"href":"https:\/\/multimedia.uned.ac.cr\/pem\/libros\/manual\/wp-json\/wp\/v2\/media?parent=187"}],"wp:term":[{"taxonomy":"chapter-type","embeddable":true,"href":"https:\/\/multimedia.uned.ac.cr\/pem\/libros\/manual\/wp-json\/pressbooks\/v2\/chapter-type?post=187"},{"taxonomy":"contributor","embeddable":true,"href":"https:\/\/multimedia.uned.ac.cr\/pem\/libros\/manual\/wp-json\/wp\/v2\/contributor?post=187"},{"taxonomy":"license","embeddable":true,"href":"https:\/\/multimedia.uned.ac.cr\/pem\/libros\/manual\/wp-json\/wp\/v2\/license?post=187"}],"curies":[{"name":"wp","href":"https:\/\/api.w.org\/{rel}","templated":true}]}}