{"id":58,"date":"2024-05-08T22:55:02","date_gmt":"2024-05-08T22:55:02","guid":{"rendered":"https:\/\/multimedia.uned.ac.cr\/pem\/libros\/guia-pace-programa-tecnicos\/?post_type=chapter&#038;p=58"},"modified":"2024-07-10T17:04:40","modified_gmt":"2024-07-10T17:04:40","slug":"requerimientos-para-la-implementacion-del-programa-tecnico","status":"publish","type":"chapter","link":"https:\/\/multimedia.uned.ac.cr\/pem\/libros\/guia-pace-programa-tecnicos\/chapter\/requerimientos-para-la-implementacion-del-programa-tecnico\/","title":{"raw":"Requerimientos para la implementaci\u00f3n del programa t\u00e9cnico","rendered":"Requerimientos para la implementaci\u00f3n del programa t\u00e9cnico"},"content":{"raw":"<img class=\"banner aligncenter wp-image-189 size-large\" src=\"https:\/\/multimedia.uned.ac.cr\/pem\/libros\/guia-pace-programa-tecnicos\/wp-content\/uploads\/sites\/16\/2024\/05\/banner_cap_11-1024x392.png\" alt=\"\" width=\"1024\" height=\"392\" \/>\r\n\r\nEste apartado tiene como objetivo la propuesta de aquellos recursos indispensables que actualmente no se poseen para la implementaci\u00f3n del t\u00e9cnico. Adem\u00e1s, se planifican las acciones por implementar antes del inicio de la oferta educativa.\r\n\r\nA continuaci\u00f3n, se detallan los principales aspectos que debe contener este apartado. Sin embargo, seg\u00fan las particularidades de cada t\u00e9cnico y la naturaleza de su conocimiento, es probable que algunos de ellos var\u00eden o bien, se requiera anotar otros.\r\n<h1>Metas de formaci\u00f3n<\/h1>\r\nLas metas de formaci\u00f3n en un [pb_glossary id=\"71\"]programa de t\u00e9cnico[\/pb_glossary] se conciben como los criterios cuantitativos de logro de graduaciones propuestos para un determinado periodo.\r\n\r\nPara los programas de t\u00e9cnicos en funcionamiento y que se est\u00e1n modificando, hay que considerar los datos de, al menos, cinco a\u00f1os atr\u00e1s para hacer las proyecciones.\r\n\r\nEn el programa de t\u00e9cnico debe anotar:\r\n<ul>\r\n \t<li><strong>Cupos:<\/strong> Se refiere a los cupos disponibles para el ingreso de cada [pb_glossary id=\"131\"]cohorte[\/pb_glossary]. Si bien es cierto, en la UNED no existen cupos, hay algunos programas que s\u00ed los requieren en funci\u00f3n del nivel del t\u00e9cnico, convenios u otras razones, por lo que es importante considerarlo.\r\nLos cupos deben definirse de acuerdo con el estudio de viabilidad y factibilidad, realidad de oferta institucional, u otros factores que puedan influir en la oferta.<\/li>\r\n \t<li><strong>N\u00famero de [pb_glossary id=\"137\"]promociones[\/pb_glossary]<\/strong><strong>:<\/strong> Se refiere a la cantidad de promociones que ofrecer\u00e1 el [pb_glossary id=\"71\"]programa de t\u00e9cnico[\/pb_glossary] durante un quinquenio u otro periodo establecido. En este caso, se establece de acuerdo con el tiempo de vigencia y la fecha de actualizaci\u00f3n del [pb_glossary id=\"69\"]est\u00e1ndar de cualificaci\u00f3n [\/pb_glossary]del MNC-ETPF-CR.<\/li>\r\n \t<li><strong>N\u00famero de graduados:<\/strong> Se refiere a la proyecci\u00f3n del n\u00famero total de graduados que se espera alcanzar por promoci\u00f3n y periodo previsto.<\/li>\r\n \t<li><strong>Periodo definido de oferta:<\/strong> Se anota lo referente al periodo en que se va a mantener en oferta el t\u00e9cnico, especialmente si se ha definido previamente o se tiene una poblaci\u00f3n cautiva espec\u00edfica. Para determinar esto, se debe tomar como base el tiempo de vigencia y la fecha de actualizaci\u00f3n del est\u00e1ndar de cualificaci\u00f3n del MNC-EFTP-CR.<\/li>\r\n \t<li><strong>Deserci\u00f3n: <\/strong>Se anota el porcentaje de deserci\u00f3n proyectado seg\u00fan el comportamiento del programa en a\u00f1os anteriores o de estudios de [pb_glossary id=\"100\"]programas de t\u00e9cnicos[\/pb_glossary] similares.<\/li>\r\n<\/ul>\r\n<h1>Plan para la adquisici\u00f3n de recursos<\/h1>\r\nDescribe el plan para la adquisici\u00f3n de recursos que se requieren para la oferta t\u00e9cnica en los siguientes aspectos:\r\n<ul>\r\n \t<li>Espacio f\u00edsico, equipos y materiales.<\/li>\r\n \t<li>Laboratorios \/talleres del programa<\/li>\r\n \t<li>Laboratorios de ciencias b\u00e1sicas<\/li>\r\n \t<li>Laboratorios de c\u00f3mputo<\/li>\r\n \t<li>Recursos tecnol\u00f3gicos y did\u00e1cticos o de otro tipo requeridos para los procesos educativos y la interacci\u00f3n con el estudiantado.<\/li>\r\n \t<li>Colecciones de libros, publicaciones peri\u00f3dicas y manuales, en versi\u00f3n impresa y digital, de los que se debe considerar su validez, suficiencia, actualidad y variedad.<\/li>\r\n<\/ul>\r\nEsto se puede realizar en un formato como el que se presenta a continuaci\u00f3n. Hay que considerar que el cronograma no indica un a\u00f1o en concreto porque depender\u00e1 de la fecha en que se apruebe el [pb_glossary id=\"71\"]programa de t\u00e9cnico[\/pb_glossary].\r\n\r\n&nbsp;\r\n<p style=\"text-align: center;\"><strong>Tabla 8<\/strong><\/p>\r\n<p style=\"text-align: center;\"><strong>Planificaci\u00f3n de los recursos que se requieren<\/strong><\/p>\r\n\r\n<table class=\"grid aligncenter\" style=\"height: 152px;\">\r\n<thead>\r\n<tr class=\"shaded\" style=\"height: 60px;\">\r\n<td style=\"height: 60px; width: 156.055px;\">Nombre del t\u00e9cnico:\r\n\r\n&nbsp;<\/td>\r\n<td style=\"height: 60px; width: 470.43px;\" colspan=\"6\"><\/td>\r\n<\/tr>\r\n<\/thead>\r\n<tbody>\r\n<tr class=\"shaded\" style=\"height: 15px;\">\r\n<td style=\"height: 30px; width: 156.055px;\" rowspan=\"2\">Recurso o requerimiento<\/td>\r\n<td style=\"height: 30px; width: 215.977px;\" rowspan=\"2\">Descripci\u00f3n (de lo que se requiere)<\/td>\r\n<td style=\"height: 15px; width: 240.5px;\" colspan=\"5\">Cronograma<\/td>\r\n<\/tr>\r\n<tr class=\"shaded\" style=\"height: 15px;\">\r\n<td style=\"height: 15px; width: 36.9375px;\">A\u00f1o 1<\/td>\r\n<td style=\"height: 15px; width: 36.9375px;\">A\u00f1o 2<\/td>\r\n<td style=\"height: 15px; width: 36.9375px;\">A\u00f1o 3<\/td>\r\n<td style=\"height: 15px; width: 36.9375px;\">A\u00f1o 4<\/td>\r\n<td style=\"height: 15px; width: 36.9375px;\">A\u00f1o 5<\/td>\r\n<\/tr>\r\n<tr style=\"height: 60px;\">\r\n<td style=\"height: 47px; width: 156.055px;\"><\/td>\r\n<td style=\"height: 47px; width: 215.977px;\"><\/td>\r\n<td style=\"height: 47px; width: 36.9375px;\"><\/td>\r\n<td style=\"height: 47px; width: 36.9375px;\"><\/td>\r\n<td style=\"height: 47px; width: 36.9375px;\"><\/td>\r\n<td style=\"height: 47px; width: 36.9375px;\"><\/td>\r\n<td style=\"height: 47px; width: 36.9375px;\"><\/td>\r\n<\/tr>\r\n<tr style=\"height: 60px;\">\r\n<td style=\"height: 15px; width: 156.055px;\"><\/td>\r\n<td style=\"height: 15px; width: 215.977px;\"><\/td>\r\n<td style=\"height: 15px; width: 36.9375px;\"><\/td>\r\n<td style=\"height: 15px; width: 36.9375px;\"><\/td>\r\n<td style=\"height: 15px; width: 36.9375px;\"><\/td>\r\n<td style=\"height: 15px; width: 36.9375px;\"><\/td>\r\n<td style=\"height: 15px; width: 36.9375px;\"><\/td>\r\n<\/tr>\r\n<\/tbody>\r\n<\/table>\r\n&nbsp;\r\n<h1>Personal acad\u00e9mico y administrativo<\/h1>\r\nEn este punto se describe lo referente al personal acad\u00e9mico y administrativo que se requiere para la implementaci\u00f3n del t\u00e9cnico. Para esto, anote lo siguiente:\r\n<ul>\r\n \t<li>Nombre de la persona encargada del t\u00e9cnico y su grado acad\u00e9mico, as\u00ed como la cantidad de personal docente requerido.<\/li>\r\n \t<li>Propuesta de capacitaci\u00f3n en educaci\u00f3n a distancia y en el \u00e1rea de conocimientos espec\u00edfica requerida por el personal acad\u00e9mico y administrativo seg\u00fan sus calidades y necesidades.<\/li>\r\n \t<li>Propuesta de organizaci\u00f3n particular del personal acad\u00e9mico y administrativo.<\/li>\r\n<\/ul>\r\nAdicionalmente, se debe anexar un resumen del perfil profesional requerido del acad\u00e9mico del t\u00e9cnico. La persona asesora le brindar\u00e1 acceso a este formulario.\r\n<h1>Procedimientos para ingreso al programa t\u00e9cnico<\/h1>\r\nEn este se deben establecer los procedimientos para la selecci\u00f3n del estudiantado acorde con los requisitos que fueron previamente determinados en el apartado denominado \u201cRequisitos de ingreso\u201d y con la normativa institucional.\r\n<h1>Permanencia y graduaci\u00f3n<\/h1>\r\nEn primer lugar, se presenta de forma general los mecanismos a implementar con el fin de garantizar la permanencia de la poblaci\u00f3n estudiantil. \u00a0Esto incluye el acompa\u00f1amiento a estudiantes de primer ingreso, aquellos en condici\u00f3n de vulnerabilidad, as\u00ed como a quienes participen en procesos de movilidad.\r\n\r\nEn relaci\u00f3n con el proceso de graduaci\u00f3n, se debe ofrecer una descripci\u00f3n general de los requisitos que debe cumplir el estudiantado para alcanzar este logro, as\u00ed como detallar los procedimientos establecidos en la normativa.\r\n<h1>Convenios<\/h1>\r\nPara los [pb_glossary id=\"71\"]programas de t\u00e9cnicos[\/pb_glossary] que no tienen convenios o cartas de entendimiento establecidos, se anotan los requeridos para llevar a cabo intercambio de experiencias entre profesores y estudiantes, as\u00ed como la realizaci\u00f3n conjunta de acciones que tengan relevancia e incidencia positiva en el programa t\u00e9cnico. \u00a0Para tal efecto, se puede incluir informaci\u00f3n relativa a:\r\n<ul>\r\n \t<li>Las relaciones que la coordinaci\u00f3n acad\u00e9mica (nacional o internacional) establecer\u00e1 con otras unidades o \u00e1reas de conocimiento.<\/li>\r\n \t<li>Lista de empresas o instituciones con las que se coordinan experiencias\/actividades pr\u00e1cticas del estudiantado.<\/li>\r\n<\/ul>\r\n<div class=\"textbox textbox--examples\"><header class=\"textbox__header\">\r\n<p class=\"textbox__title\">Nota<\/p>\r\n\r\n<\/header>\r\n<div class=\"textbox__content\">Es importante que se realice la consulta previa a la Direcci\u00f3n de Internacionalizaci\u00f3n y Cooperaci\u00f3n, quienes tienen la informaci\u00f3n y brindan asesor\u00eda sobre los convenios.<\/div>\r\n<\/div>\r\n&nbsp;\r\n\r\nPara los programas de t\u00e9cnicos que tienen convenios y cartas de entendimiento establecidas, es necesario brindar una descripci\u00f3n general de los principales aspectos que inciden en el funcionamiento del t\u00e9cnico y su per\u00edodo de vigencia.\r\n<h1>Evaluaci\u00f3n de la propuesta del programa<\/h1>\r\nTodo [pb_glossary id=\"71\"] programa de t\u00e9cnico[\/pb_glossary] debe estar en un proceso constante de evaluaci\u00f3n para su mejora continua. Sin embargo, cuando la oferta educativa del t\u00e9cnico cumple un ciclo completo de implementaci\u00f3n, es decir, que ya cuenta con estudiantes graduados, es necesaria una evaluaci\u00f3n curricular del t\u00e9cnico.\r\n\r\nDe esta manera, describa la propuesta de evaluaci\u00f3n en el programa de t\u00e9cnico (qu\u00e9 se evaluar\u00e1, c\u00f3mo se llevar\u00e1 a cabo y qui\u00e9n(es) lo realizar\u00e1n), la cual debe ser acorde con lo establecido en la normativa institucional al respecto. En el caso de la UNED, el cap\u00edtulo V del Reglamento de Gesti\u00f3n Acad\u00e9mica indica lo correspondiente a dicha evaluaci\u00f3n.\r\n\r\nPara esta propuesta, considere lo siguiente:\r\n<ul>\r\n \t<li>La evaluaci\u00f3n de programas de t\u00e9cnicos se establece con base en el tiempo de vigencia y la fecha de actualizaci\u00f3n del [pb_glossary id=\"69\"]est\u00e1ndar de cualificaci\u00f3n[\/pb_glossary] del MNC-EFTP-CR.<\/li>\r\n \t<li>La evaluaci\u00f3n de los cursos o [pb_glossary id=\"121\"]m\u00f3dulos[\/pb_glossary] habitualmente se realiza al finalizar el per\u00edodo de oferta, para hacer los ajustes necesarios a tiempo.<\/li>\r\n \t<li>La evaluaci\u00f3n debe contar con la participaci\u00f3n del personal acad\u00e9mico, personal administrativo, la poblaci\u00f3n estudiantil y el grupo de personas graduadas del programa t\u00e9cnico. Tambi\u00e9n para evaluar el programa t\u00e9cnico se requiere considerar a empleadores y especialistas en el \u00e1rea.<\/li>\r\n<\/ul>\r\n<div>\r\n<div><\/div>\r\n<\/div>","rendered":"<p><img loading=\"lazy\" decoding=\"async\" class=\"banner aligncenter wp-image-189 size-large\" src=\"https:\/\/multimedia.uned.ac.cr\/pem\/libros\/guia-pace-programa-tecnicos\/wp-content\/uploads\/sites\/16\/2024\/05\/banner_cap_11-1024x392.png\" alt=\"\" width=\"1024\" height=\"392\" srcset=\"https:\/\/multimedia.uned.ac.cr\/pem\/libros\/guia-pace-programa-tecnicos\/wp-content\/uploads\/sites\/16\/2024\/05\/banner_cap_11-1024x392.png 1024w, https:\/\/multimedia.uned.ac.cr\/pem\/libros\/guia-pace-programa-tecnicos\/wp-content\/uploads\/sites\/16\/2024\/05\/banner_cap_11-300x115.png 300w, https:\/\/multimedia.uned.ac.cr\/pem\/libros\/guia-pace-programa-tecnicos\/wp-content\/uploads\/sites\/16\/2024\/05\/banner_cap_11-768x294.png 768w, https:\/\/multimedia.uned.ac.cr\/pem\/libros\/guia-pace-programa-tecnicos\/wp-content\/uploads\/sites\/16\/2024\/05\/banner_cap_11-65x25.png 65w, https:\/\/multimedia.uned.ac.cr\/pem\/libros\/guia-pace-programa-tecnicos\/wp-content\/uploads\/sites\/16\/2024\/05\/banner_cap_11-225x86.png 225w, https:\/\/multimedia.uned.ac.cr\/pem\/libros\/guia-pace-programa-tecnicos\/wp-content\/uploads\/sites\/16\/2024\/05\/banner_cap_11-350x134.png 350w, https:\/\/multimedia.uned.ac.cr\/pem\/libros\/guia-pace-programa-tecnicos\/wp-content\/uploads\/sites\/16\/2024\/05\/banner_cap_11.png 1537w\" sizes=\"auto, (max-width: 1024px) 100vw, 1024px\" \/><\/p>\n<p>Este apartado tiene como objetivo la propuesta de aquellos recursos indispensables que actualmente no se poseen para la implementaci\u00f3n del t\u00e9cnico. Adem\u00e1s, se planifican las acciones por implementar antes del inicio de la oferta educativa.<\/p>\n<p>A continuaci\u00f3n, se detallan los principales aspectos que debe contener este apartado. Sin embargo, seg\u00fan las particularidades de cada t\u00e9cnico y la naturaleza de su conocimiento, es probable que algunos de ellos var\u00eden o bien, se requiera anotar otros.<\/p>\n<h1>Metas de formaci\u00f3n<\/h1>\n<p>Las metas de formaci\u00f3n en un <button class=\"glossary-term\" aria-describedby=\"58-71\">programa de t\u00e9cnico<\/button> se conciben como los criterios cuantitativos de logro de graduaciones propuestos para un determinado periodo.<\/p>\n<p>Para los programas de t\u00e9cnicos en funcionamiento y que se est\u00e1n modificando, hay que considerar los datos de, al menos, cinco a\u00f1os atr\u00e1s para hacer las proyecciones.<\/p>\n<p>En el programa de t\u00e9cnico debe anotar:<\/p>\n<ul>\n<li><strong>Cupos:<\/strong> Se refiere a los cupos disponibles para el ingreso de cada <button class=\"glossary-term\" aria-describedby=\"58-131\">cohorte<\/button>. Si bien es cierto, en la UNED no existen cupos, hay algunos programas que s\u00ed los requieren en funci\u00f3n del nivel del t\u00e9cnico, convenios u otras razones, por lo que es importante considerarlo.<br \/>\nLos cupos deben definirse de acuerdo con el estudio de viabilidad y factibilidad, realidad de oferta institucional, u otros factores que puedan influir en la oferta.<\/li>\n<li><strong>N\u00famero de <button class=\"glossary-term\" aria-describedby=\"58-137\">promociones<\/button><\/strong><strong>:<\/strong> Se refiere a la cantidad de promociones que ofrecer\u00e1 el <button class=\"glossary-term\" aria-describedby=\"58-71\">programa de t\u00e9cnico<\/button> durante un quinquenio u otro periodo establecido. En este caso, se establece de acuerdo con el tiempo de vigencia y la fecha de actualizaci\u00f3n del <button class=\"glossary-term\" aria-describedby=\"58-69\">est\u00e1ndar de cualificaci\u00f3n <\/button>del MNC-ETPF-CR.<\/li>\n<li><strong>N\u00famero de graduados:<\/strong> Se refiere a la proyecci\u00f3n del n\u00famero total de graduados que se espera alcanzar por promoci\u00f3n y periodo previsto.<\/li>\n<li><strong>Periodo definido de oferta:<\/strong> Se anota lo referente al periodo en que se va a mantener en oferta el t\u00e9cnico, especialmente si se ha definido previamente o se tiene una poblaci\u00f3n cautiva espec\u00edfica. Para determinar esto, se debe tomar como base el tiempo de vigencia y la fecha de actualizaci\u00f3n del est\u00e1ndar de cualificaci\u00f3n del MNC-EFTP-CR.<\/li>\n<li><strong>Deserci\u00f3n: <\/strong>Se anota el porcentaje de deserci\u00f3n proyectado seg\u00fan el comportamiento del programa en a\u00f1os anteriores o de estudios de programas de t\u00e9cnicos similares.<\/li>\n<\/ul>\n<h1>Plan para la adquisici\u00f3n de recursos<\/h1>\n<p>Describe el plan para la adquisici\u00f3n de recursos que se requieren para la oferta t\u00e9cnica en los siguientes aspectos:<\/p>\n<ul>\n<li>Espacio f\u00edsico, equipos y materiales.<\/li>\n<li>Laboratorios \/talleres del programa<\/li>\n<li>Laboratorios de ciencias b\u00e1sicas<\/li>\n<li>Laboratorios de c\u00f3mputo<\/li>\n<li>Recursos tecnol\u00f3gicos y did\u00e1cticos o de otro tipo requeridos para los procesos educativos y la interacci\u00f3n con el estudiantado.<\/li>\n<li>Colecciones de libros, publicaciones peri\u00f3dicas y manuales, en versi\u00f3n impresa y digital, de los que se debe considerar su validez, suficiencia, actualidad y variedad.<\/li>\n<\/ul>\n<p>Esto se puede realizar en un formato como el que se presenta a continuaci\u00f3n. Hay que considerar que el cronograma no indica un a\u00f1o en concreto porque depender\u00e1 de la fecha en que se apruebe el <button class=\"glossary-term\" aria-describedby=\"58-71\">programa de t\u00e9cnico<\/button>.<\/p>\n<p>&nbsp;<\/p>\n<p style=\"text-align: center;\"><strong>Tabla 8<\/strong><\/p>\n<p style=\"text-align: center;\"><strong>Planificaci\u00f3n de los recursos que se requieren<\/strong><\/p>\n<table class=\"grid aligncenter\" style=\"height: 152px;\">\n<thead>\n<tr class=\"shaded\" style=\"height: 60px;\">\n<td style=\"height: 60px; width: 156.055px;\">Nombre del t\u00e9cnico:<\/p>\n<p>&nbsp;<\/td>\n<td style=\"height: 60px; width: 470.43px;\" colspan=\"6\"><\/td>\n<\/tr>\n<\/thead>\n<tbody>\n<tr class=\"shaded\" style=\"height: 15px;\">\n<td style=\"height: 30px; width: 156.055px;\" rowspan=\"2\">Recurso o requerimiento<\/td>\n<td style=\"height: 30px; width: 215.977px;\" rowspan=\"2\">Descripci\u00f3n (de lo que se requiere)<\/td>\n<td style=\"height: 15px; width: 240.5px;\" colspan=\"5\">Cronograma<\/td>\n<\/tr>\n<tr class=\"shaded\" style=\"height: 15px;\">\n<td style=\"height: 15px; width: 36.9375px;\">A\u00f1o 1<\/td>\n<td style=\"height: 15px; width: 36.9375px;\">A\u00f1o 2<\/td>\n<td style=\"height: 15px; width: 36.9375px;\">A\u00f1o 3<\/td>\n<td style=\"height: 15px; width: 36.9375px;\">A\u00f1o 4<\/td>\n<td style=\"height: 15px; width: 36.9375px;\">A\u00f1o 5<\/td>\n<\/tr>\n<tr style=\"height: 60px;\">\n<td style=\"height: 47px; width: 156.055px;\"><\/td>\n<td style=\"height: 47px; width: 215.977px;\"><\/td>\n<td style=\"height: 47px; width: 36.9375px;\"><\/td>\n<td style=\"height: 47px; width: 36.9375px;\"><\/td>\n<td style=\"height: 47px; width: 36.9375px;\"><\/td>\n<td style=\"height: 47px; width: 36.9375px;\"><\/td>\n<td style=\"height: 47px; width: 36.9375px;\"><\/td>\n<\/tr>\n<tr style=\"height: 60px;\">\n<td style=\"height: 15px; width: 156.055px;\"><\/td>\n<td style=\"height: 15px; width: 215.977px;\"><\/td>\n<td style=\"height: 15px; width: 36.9375px;\"><\/td>\n<td style=\"height: 15px; width: 36.9375px;\"><\/td>\n<td style=\"height: 15px; width: 36.9375px;\"><\/td>\n<td style=\"height: 15px; width: 36.9375px;\"><\/td>\n<td style=\"height: 15px; width: 36.9375px;\"><\/td>\n<\/tr>\n<\/tbody>\n<\/table>\n<p>&nbsp;<\/p>\n<h1>Personal acad\u00e9mico y administrativo<\/h1>\n<p>En este punto se describe lo referente al personal acad\u00e9mico y administrativo que se requiere para la implementaci\u00f3n del t\u00e9cnico. Para esto, anote lo siguiente:<\/p>\n<ul>\n<li>Nombre de la persona encargada del t\u00e9cnico y su grado acad\u00e9mico, as\u00ed como la cantidad de personal docente requerido.<\/li>\n<li>Propuesta de capacitaci\u00f3n en educaci\u00f3n a distancia y en el \u00e1rea de conocimientos espec\u00edfica requerida por el personal acad\u00e9mico y administrativo seg\u00fan sus calidades y necesidades.<\/li>\n<li>Propuesta de organizaci\u00f3n particular del personal acad\u00e9mico y administrativo.<\/li>\n<\/ul>\n<p>Adicionalmente, se debe anexar un resumen del perfil profesional requerido del acad\u00e9mico del t\u00e9cnico. La persona asesora le brindar\u00e1 acceso a este formulario.<\/p>\n<h1>Procedimientos para ingreso al programa t\u00e9cnico<\/h1>\n<p>En este se deben establecer los procedimientos para la selecci\u00f3n del estudiantado acorde con los requisitos que fueron previamente determinados en el apartado denominado \u201cRequisitos de ingreso\u201d y con la normativa institucional.<\/p>\n<h1>Permanencia y graduaci\u00f3n<\/h1>\n<p>En primer lugar, se presenta de forma general los mecanismos a implementar con el fin de garantizar la permanencia de la poblaci\u00f3n estudiantil. \u00a0Esto incluye el acompa\u00f1amiento a estudiantes de primer ingreso, aquellos en condici\u00f3n de vulnerabilidad, as\u00ed como a quienes participen en procesos de movilidad.<\/p>\n<p>En relaci\u00f3n con el proceso de graduaci\u00f3n, se debe ofrecer una descripci\u00f3n general de los requisitos que debe cumplir el estudiantado para alcanzar este logro, as\u00ed como detallar los procedimientos establecidos en la normativa.<\/p>\n<h1>Convenios<\/h1>\n<p>Para los <button class=\"glossary-term\" aria-describedby=\"58-71\">programas de t\u00e9cnicos<\/button> que no tienen convenios o cartas de entendimiento establecidos, se anotan los requeridos para llevar a cabo intercambio de experiencias entre profesores y estudiantes, as\u00ed como la realizaci\u00f3n conjunta de acciones que tengan relevancia e incidencia positiva en el programa t\u00e9cnico. \u00a0Para tal efecto, se puede incluir informaci\u00f3n relativa a:<\/p>\n<ul>\n<li>Las relaciones que la coordinaci\u00f3n acad\u00e9mica (nacional o internacional) establecer\u00e1 con otras unidades o \u00e1reas de conocimiento.<\/li>\n<li>Lista de empresas o instituciones con las que se coordinan experiencias\/actividades pr\u00e1cticas del estudiantado.<\/li>\n<\/ul>\n<div class=\"textbox textbox--examples\">\n<header class=\"textbox__header\">\n<p class=\"textbox__title\">Nota<\/p>\n<\/header>\n<div class=\"textbox__content\">Es importante que se realice la consulta previa a la Direcci\u00f3n de Internacionalizaci\u00f3n y Cooperaci\u00f3n, quienes tienen la informaci\u00f3n y brindan asesor\u00eda sobre los convenios.<\/div>\n<\/div>\n<p>&nbsp;<\/p>\n<p>Para los programas de t\u00e9cnicos que tienen convenios y cartas de entendimiento establecidas, es necesario brindar una descripci\u00f3n general de los principales aspectos que inciden en el funcionamiento del t\u00e9cnico y su per\u00edodo de vigencia.<\/p>\n<h1>Evaluaci\u00f3n de la propuesta del programa<\/h1>\n<p>Todo <button class=\"glossary-term\" aria-describedby=\"58-71\"> programa de t\u00e9cnico<\/button> debe estar en un proceso constante de evaluaci\u00f3n para su mejora continua. Sin embargo, cuando la oferta educativa del t\u00e9cnico cumple un ciclo completo de implementaci\u00f3n, es decir, que ya cuenta con estudiantes graduados, es necesaria una evaluaci\u00f3n curricular del t\u00e9cnico.<\/p>\n<p>De esta manera, describa la propuesta de evaluaci\u00f3n en el programa de t\u00e9cnico (qu\u00e9 se evaluar\u00e1, c\u00f3mo se llevar\u00e1 a cabo y qui\u00e9n(es) lo realizar\u00e1n), la cual debe ser acorde con lo establecido en la normativa institucional al respecto. En el caso de la UNED, el cap\u00edtulo V del Reglamento de Gesti\u00f3n Acad\u00e9mica indica lo correspondiente a dicha evaluaci\u00f3n.<\/p>\n<p>Para esta propuesta, considere lo siguiente:<\/p>\n<ul>\n<li>La evaluaci\u00f3n de programas de t\u00e9cnicos se establece con base en el tiempo de vigencia y la fecha de actualizaci\u00f3n del <button class=\"glossary-term\" aria-describedby=\"58-69\">est\u00e1ndar de cualificaci\u00f3n<\/button> del MNC-EFTP-CR.<\/li>\n<li>La evaluaci\u00f3n de los cursos o <button class=\"glossary-term\" aria-describedby=\"58-121\">m\u00f3dulos<\/button> habitualmente se realiza al finalizar el per\u00edodo de oferta, para hacer los ajustes necesarios a tiempo.<\/li>\n<li>La evaluaci\u00f3n debe contar con la participaci\u00f3n del personal acad\u00e9mico, personal administrativo, la poblaci\u00f3n estudiantil y el grupo de personas graduadas del programa t\u00e9cnico. Tambi\u00e9n para evaluar el programa t\u00e9cnico se requiere considerar a empleadores y especialistas en el \u00e1rea.<\/li>\n<\/ul>\n<div>\n<div><\/div>\n<\/div>\n<div class=\"glossary\"><div class=\"glossary__tooltip\" id=\"58-71\" hidden><p>Es la oferta educativa de la EFTP enfocada en la formaci\u00f3n integral de personas con conocimientos de aplicaci\u00f3n pr\u00e1ctica centrados en una disciplina y con capacidades para desarrollar una actividad especializada, que se relaciona con los puestos de trabajo. Adem\u00e1s, se alinea a los requerimientos y disposiciones del MNC-EFTP-CR.<\/p>\n<\/div><div class=\"glossary__tooltip\" id=\"58-131\" hidden><p>Grupo de estudiantes que inicia una carrera y que la finaliza en un per\u00edodo de tiempo previamente definido para tal efecto.<\/p>\n<\/div><div class=\"glossary__tooltip\" id=\"58-137\" hidden><p>Grupo de estudiantes que logra concluir sus estudios de acuerdo con lo establecido en un plan de estudios y cumplen los requisitos necesarios para ingresar a un nivel acad\u00e9mico superior al que estaban cursando.<\/p>\n<\/div><div class=\"glossary__tooltip\" id=\"58-69\" hidden><p>Son los saberes (conocer, hacer, ser y convivir) que una persona debe desarrollar para ser considerado competente en un nivel de cualificaci\u00f3n. Los est\u00e1ndares describen lo que se debe lograr como resultado del aprendizaje de calidad. El est\u00e1ndar de la cualificaci\u00f3n es un documento de car\u00e1cter oficial aplicable en toda la Rep\u00fablica de Costa Rica, que establece los lineamientos para la formulaci\u00f3n y articulaci\u00f3n de los planes de estudios y programas de la EFTP, que se desarrollan en las organizaciones educativas. (OPES-CONARE, 2020)<\/p>\n<\/div><div class=\"glossary__tooltip\" id=\"58-100\" hidden><\/div><div class=\"glossary__tooltip\" id=\"58-121\" hidden><p>Forma de organizaci\u00f3n de contenido curricular cuya estructura es integrativa, flexible y multidisciplinaria.<\/p>\n<\/div><\/div>","protected":false},"author":1,"menu_order":11,"template":"","meta":{"pb_show_title":"on","pb_short_title":"","pb_subtitle":"","pb_authors":[],"pb_section_license":""},"chapter-type":[],"contributor":[],"license":[],"class_list":["post-58","chapter","type-chapter","status-publish","hentry"],"part":3,"_links":{"self":[{"href":"https:\/\/multimedia.uned.ac.cr\/pem\/libros\/guia-pace-programa-tecnicos\/wp-json\/pressbooks\/v2\/chapters\/58","targetHints":{"allow":["GET"]}}],"collection":[{"href":"https:\/\/multimedia.uned.ac.cr\/pem\/libros\/guia-pace-programa-tecnicos\/wp-json\/pressbooks\/v2\/chapters"}],"about":[{"href":"https:\/\/multimedia.uned.ac.cr\/pem\/libros\/guia-pace-programa-tecnicos\/wp-json\/wp\/v2\/types\/chapter"}],"author":[{"embeddable":true,"href":"https:\/\/multimedia.uned.ac.cr\/pem\/libros\/guia-pace-programa-tecnicos\/wp-json\/wp\/v2\/users\/1"}],"version-history":[{"count":9,"href":"https:\/\/multimedia.uned.ac.cr\/pem\/libros\/guia-pace-programa-tecnicos\/wp-json\/pressbooks\/v2\/chapters\/58\/revisions"}],"predecessor-version":[{"id":275,"href":"https:\/\/multimedia.uned.ac.cr\/pem\/libros\/guia-pace-programa-tecnicos\/wp-json\/pressbooks\/v2\/chapters\/58\/revisions\/275"}],"part":[{"href":"https:\/\/multimedia.uned.ac.cr\/pem\/libros\/guia-pace-programa-tecnicos\/wp-json\/pressbooks\/v2\/parts\/3"}],"metadata":[{"href":"https:\/\/multimedia.uned.ac.cr\/pem\/libros\/guia-pace-programa-tecnicos\/wp-json\/pressbooks\/v2\/chapters\/58\/metadata\/"}],"wp:attachment":[{"href":"https:\/\/multimedia.uned.ac.cr\/pem\/libros\/guia-pace-programa-tecnicos\/wp-json\/wp\/v2\/media?parent=58"}],"wp:term":[{"taxonomy":"chapter-type","embeddable":true,"href":"https:\/\/multimedia.uned.ac.cr\/pem\/libros\/guia-pace-programa-tecnicos\/wp-json\/pressbooks\/v2\/chapter-type?post=58"},{"taxonomy":"contributor","embeddable":true,"href":"https:\/\/multimedia.uned.ac.cr\/pem\/libros\/guia-pace-programa-tecnicos\/wp-json\/wp\/v2\/contributor?post=58"},{"taxonomy":"license","embeddable":true,"href":"https:\/\/multimedia.uned.ac.cr\/pem\/libros\/guia-pace-programa-tecnicos\/wp-json\/wp\/v2\/license?post=58"}],"curies":[{"name":"wp","href":"https:\/\/api.w.org\/{rel}","templated":true}]}}